{"id":851,"date":"2025-04-01T22:16:31","date_gmt":"2025-04-02T01:16:31","guid":{"rendered":"https:\/\/www.crefrs.org.br\/eventos\/?post_type=ingresso&#038;p=851"},"modified":"2025-04-14T10:02:45","modified_gmt":"2025-04-14T13:02:45","slug":"cref-capacita-otimizacao-metabolica-na-pratica-treinamento-e-nutricao-integrados","status":"publish","type":"ingresso","link":"https:\/\/www.crefrs.org.br\/eventos\/evento\/cref-capacita-otimizacao-metabolica-na-pratica-treinamento-e-nutricao-integrados\/","title":{"rendered":"CREF Capacita \u2013 Otimiza\u00e7\u00e3o Metab\u00f3lica na Pr\u00e1tica: Treinamento e Nutri\u00e7\u00e3o Integrados"},"content":{"rendered":"\n<p>Primeira edi\u00e7\u00e3o do CREF Capacita 2025 em Porto Alegre. Com emiss\u00e3o de certificado.<\/p>\n\n\n\n<p class=\"has-vivid-red-color has-text-color has-link-color wp-elements-b8cabad0c691a5c4b720ea0ff155689d\">Evento gratuito para profissionais e acad\u00eamicos do curso de Educa\u00e7\u00e3o F\u00edsica.<\/p>\n\n\n\n<p class=\"has-vivid-red-color has-text-color has-link-color wp-elements-189624624aafb2677e5e99817fd638dd\">Estudantes: Para que a inscri\u00e7\u00e3o como estudante seja validada, \u00e9 necess\u00e1rio enviar por e-mail ou fazer upload pelo formul\u00e1rio de um comprovante de matr\u00edcula atualizado no curso de Educa\u00e7\u00e3o F\u00edsica (bacharel ou licenciatura), podendo ser um atestado de matr\u00edcula, comprovante de pagamento ou carteira de estudante. E-mail para envio:\u00a0<strong>eventos@crefrs.org.br<\/strong><\/p>\n\n\n\n<p><\/p>\n\n\n\n<p><\/p>\n","protected":false},"featured_media":874,"template":"","tipo-de-evento":[26],"class_list":["post-851","ingresso","type-ingresso","status-publish","has-post-thumbnail","hentry","tipo-de-evento-cref-capacita"],"_links":{"self":[{"href":"https:\/\/www.crefrs.org.br\/eventos\/wp-json\/wp\/v2\/ingresso\/851","targetHints":{"allow":["GET"]}}],"collection":[{"href":"https:\/\/www.crefrs.org.br\/eventos\/wp-json\/wp\/v2\/ingresso"}],"about":[{"href":"https:\/\/www.crefrs.org.br\/eventos\/wp-json\/wp\/v2\/types\/ingresso"}],"wp:featuredmedia":[{"embeddable":true,"href":"https:\/\/www.crefrs.org.br\/eventos\/wp-json\/wp\/v2\/media\/874"}],"wp:attachment":[{"href":"https:\/\/www.crefrs.org.br\/eventos\/wp-json\/wp\/v2\/media?parent=851"}],"wp:term":[{"taxonomy":"tipo-de-evento","embeddable":true,"href":"https:\/\/www.crefrs.org.br\/eventos\/wp-json\/wp\/v2\/tipo-de-evento?post=851"}],"curies":[{"name":"wp","href":"https:\/\/api.w.org\/{rel}","templated":true}]}}