{"id":1542,"date":"2025-09-17T10:35:09","date_gmt":"2025-09-17T13:35:09","guid":{"rendered":"https:\/\/www.crefrs.org.br\/eventos\/?post_type=ingresso&#038;p=1542"},"modified":"2025-10-06T08:37:26","modified_gmt":"2025-10-06T11:37:26","slug":"cref-capacita-rio-grande-prescricao-de-exercicios-fisicos-para-grupos-especiais","status":"publish","type":"ingresso","link":"https:\/\/www.crefrs.org.br\/eventos\/evento\/cref-capacita-rio-grande-prescricao-de-exercicios-fisicos-para-grupos-especiais\/","title":{"rendered":"CREF Capacita Rio Grande \u2013 Prescri\u00e7\u00e3o de Exerc\u00edcios F\u00edsicos para Grupos Especiais"},"content":{"rendered":"\n<p>Edi\u00e7\u00e3o do CREF Capacita 2025 em Rio Grande. Com emiss\u00e3o de certificado.<\/p>\n\n\n\n<p class=\"has-vivid-red-color has-text-color has-link-color wp-elements-5141313695eaeb3a7aed4f67dafd7285\">Evento gratuito para profissionais e acad\u00eamicos do curso de Educa\u00e7\u00e3o F\u00edsica, com foco na \u00e1rea do Bacharelado.<\/p>\n\n\n\n<p class=\"has-vivid-red-color has-text-color has-link-color wp-elements-54a415f4d02addf163422d5b051ff0c0\">Estudantes: Para que a inscri\u00e7\u00e3o como estudante seja validada, \u00e9 necess\u00e1rio enviar por e-mail ou fazer upload pelo formul\u00e1rio de um comprovante de matr\u00edcula atualizado no curso de Educa\u00e7\u00e3o F\u00edsica (bacharel ou licenciatura), podendo ser um atestado de matr\u00edcula, comprovante de pagamento ou carteira de estudante. E-mail para envio: eventos@crefrs.org.br<\/p>\n\n\n\n<p><\/p>\n\n\n\n<p><\/p>\n","protected":false},"featured_media":1549,"template":"","tipo-de-evento":[26],"class_list":["post-1542","ingresso","type-ingresso","status-publish","has-post-thumbnail","hentry","tipo-de-evento-cref-capacita"],"_links":{"self":[{"href":"https:\/\/www.crefrs.org.br\/eventos\/wp-json\/wp\/v2\/ingresso\/1542","targetHints":{"allow":["GET"]}}],"collection":[{"href":"https:\/\/www.crefrs.org.br\/eventos\/wp-json\/wp\/v2\/ingresso"}],"about":[{"href":"https:\/\/www.crefrs.org.br\/eventos\/wp-json\/wp\/v2\/types\/ingresso"}],"wp:featuredmedia":[{"embeddable":true,"href":"https:\/\/www.crefrs.org.br\/eventos\/wp-json\/wp\/v2\/media\/1549"}],"wp:attachment":[{"href":"https:\/\/www.crefrs.org.br\/eventos\/wp-json\/wp\/v2\/media?parent=1542"}],"wp:term":[{"taxonomy":"tipo-de-evento","embeddable":true,"href":"https:\/\/www.crefrs.org.br\/eventos\/wp-json\/wp\/v2\/tipo-de-evento?post=1542"}],"curies":[{"name":"wp","href":"https:\/\/api.w.org\/{rel}","templated":true}]}}