{"id":1361,"date":"2025-06-03T15:56:50","date_gmt":"2025-06-03T18:56:50","guid":{"rendered":"https:\/\/www.crefrs.org.br\/eventos\/?post_type=ingresso&#038;p=1361"},"modified":"2025-06-23T09:33:15","modified_gmt":"2025-06-23T12:33:15","slug":"cref-capacita-porto-alegre-prescricao-de-exercicios-fisicos-para-grupos-especiais","status":"publish","type":"ingresso","link":"https:\/\/www.crefrs.org.br\/eventos\/evento\/cref-capacita-porto-alegre-prescricao-de-exercicios-fisicos-para-grupos-especiais\/","title":{"rendered":"CREF Capacita Porto Alegre \u2013 Prescri\u00e7\u00e3o de Exerc\u00edcios F\u00edsicos para Grupos Especiais"},"content":{"rendered":"\n<p>Edi\u00e7\u00e3o do CREF Capacita 2025 em Porto Alegre. Com emiss\u00e3o de certificado.<\/p>\n\n\n\n<p class=\"has-vivid-red-color has-text-color has-link-color wp-elements-b8cabad0c691a5c4b720ea0ff155689d\">Evento gratuito para profissionais e acad\u00eamicos do curso de Educa\u00e7\u00e3o F\u00edsica.<\/p>\n\n\n\n<p class=\"has-vivid-red-color has-text-color has-link-color wp-elements-5114944b982592cbada8482c2448e3e6\">Estudantes: Para que a inscri\u00e7\u00e3o como estudante seja validada, \u00e9 necess\u00e1rio enviar por e-mail ou fazer upload pelo formul\u00e1rio de um comprovante de matr\u00edcula atualizado no curso de Educa\u00e7\u00e3o F\u00edsica (bacharel ou licenciatura), podendo ser um atestado de matr\u00edcula, comprovante de pagamento ou carteira de estudante. E-mail para envio:&nbsp;<strong>eventos@crefrs.org.br<\/strong><\/p>\n\n\n\n<p><\/p>\n\n\n\n<p><\/p>\n","protected":false},"featured_media":1363,"template":"","tipo-de-evento":[26],"class_list":["post-1361","ingresso","type-ingresso","status-publish","has-post-thumbnail","hentry","tipo-de-evento-cref-capacita"],"_links":{"self":[{"href":"https:\/\/www.crefrs.org.br\/eventos\/wp-json\/wp\/v2\/ingresso\/1361","targetHints":{"allow":["GET"]}}],"collection":[{"href":"https:\/\/www.crefrs.org.br\/eventos\/wp-json\/wp\/v2\/ingresso"}],"about":[{"href":"https:\/\/www.crefrs.org.br\/eventos\/wp-json\/wp\/v2\/types\/ingresso"}],"wp:featuredmedia":[{"embeddable":true,"href":"https:\/\/www.crefrs.org.br\/eventos\/wp-json\/wp\/v2\/media\/1363"}],"wp:attachment":[{"href":"https:\/\/www.crefrs.org.br\/eventos\/wp-json\/wp\/v2\/media?parent=1361"}],"wp:term":[{"taxonomy":"tipo-de-evento","embeddable":true,"href":"https:\/\/www.crefrs.org.br\/eventos\/wp-json\/wp\/v2\/tipo-de-evento?post=1361"}],"curies":[{"name":"wp","href":"https:\/\/api.w.org\/{rel}","templated":true}]}}